{"id":50,"date":"2015-04-18T16:20:33","date_gmt":"2015-04-18T15:20:33","guid":{"rendered":"http:\/\/magyaregres.freevar.com\/oldal\/?page_id=50"},"modified":"2015-06-07T12:03:35","modified_gmt":"2015-06-07T12:03:35","slug":"magyaregres-temploma-es-egyhazkozsege","status":"publish","type":"page","link":"http:\/\/magyaregres.eu\/index.php\/iranytu\/muvelodes-egyhaz\/magyaregres-temploma-es-egyhazkozsege\/","title":{"rendered":"Magyaregres Katolikus \u00e9s Reform\u00e1tus egyh\u00e1zk\u00f6zs\u00e9ge"},"content":{"rendered":"<h1 style=\"text-align: center;\"><strong><span style=\"color: #000000;\">R\u00f3mai Katolikus egyh\u00e1z<\/span><\/strong><\/h1>\n<h1 style=\"text-align: center;\"><strong><span style=\"color: #000000;\">Nagy Szent Ter\u00e9z templom<\/span><\/strong><\/h1>\n<p>&nbsp;<\/p>\n<p><a href=\"http:\/\/magyaregres.eu\/wp-content\/uploads\/2015\/04\/IMG_4638.jpg\" target=\"_blank\"><img loading=\"lazy\" decoding=\"async\" class=\" wp-image-258 size-medium aligncenter\" src=\"http:\/\/magyaregres.eu\/wp-content\/uploads\/2015\/04\/IMG_4638-300x200.jpg\" alt=\"IMG_4638\" width=\"300\" height=\"200\" srcset=\"http:\/\/magyaregres.eu\/wp-content\/uploads\/2015\/04\/IMG_4638-300x200.jpg 300w, http:\/\/magyaregres.eu\/wp-content\/uploads\/2015\/04\/IMG_4638-272x182.jpg 272w, http:\/\/magyaregres.eu\/wp-content\/uploads\/2015\/04\/IMG_4638-400x267.jpg 400w, http:\/\/magyaregres.eu\/wp-content\/uploads\/2015\/04\/IMG_4638.jpg 800w\" sizes=\"auto, (max-width: 300px) 100vw, 300px\" \/><\/a> <a href=\"http:\/\/magyaregres.eu\/wp-content\/uploads\/2015\/04\/IMG_4639.jpg\"><img loading=\"lazy\" decoding=\"async\" class=\" size-medium wp-image-259 alignleft\" src=\"http:\/\/magyaregres.eu\/wp-content\/uploads\/2015\/04\/IMG_4639-200x300.jpg\" alt=\"IMG_4639\" width=\"200\" height=\"300\" srcset=\"http:\/\/magyaregres.eu\/wp-content\/uploads\/2015\/04\/IMG_4639-200x300.jpg 200w, http:\/\/magyaregres.eu\/wp-content\/uploads\/2015\/04\/IMG_4639.jpg 400w\" sizes=\"auto, (max-width: 200px) 100vw, 200px\" \/><\/a>\u00a0<a href=\"http:\/\/magyaregres.eu\/wp-content\/uploads\/2015\/04\/IMG_4640.jpg\" target=\"_blank\"><img loading=\"lazy\" decoding=\"async\" class=\" wp-image-260 size-medium alignright\" src=\"http:\/\/magyaregres.eu\/wp-content\/uploads\/2015\/04\/IMG_4640-300x200.jpg\" alt=\"IMG_4640\" width=\"300\" height=\"200\" srcset=\"http:\/\/magyaregres.eu\/wp-content\/uploads\/2015\/04\/IMG_4640-300x200.jpg 300w, http:\/\/magyaregres.eu\/wp-content\/uploads\/2015\/04\/IMG_4640-272x182.jpg 272w, http:\/\/magyaregres.eu\/wp-content\/uploads\/2015\/04\/IMG_4640-400x267.jpg 400w, http:\/\/magyaregres.eu\/wp-content\/uploads\/2015\/04\/IMG_4640.jpg 800w\" sizes=\"auto, (max-width: 300px) 100vw, 300px\" \/><\/a><\/p>\n<p style=\"text-align: center;\"><span class=\"alap\"><u>Magyaregres, D\u00f3zsa Gy\u00f6rgy u. 3.<\/u><\/span><br \/>\n<span class=\"alap\"><i>T\u00e9rk\u00e9pen:<\/i> <u><a href=\"https:\/\/www.google.hu\/maps\/search\/46.4604;+17.7722\/@46.461438,17.7734706,17z\" target=\"_blank\">46.4604; 17.7722<\/a><\/u><\/span><\/p>\n<p style=\"text-align: left;\"><b>Pl\u00e9b\u00e1nia:\u00a0<\/b>Kaposv\u00e1ri Szent \u0150rangyalok pl\u00e9b\u00e1nia f\u00edli\u00e1ja<br \/>\n7451 Kaposv\u00e1r-Kaposf\u00fcred<\/p>\n<p style=\"text-align: left;\"><a href=\"http:\/\/www.kaposfured.plebania.hu\" target=\"_blank\">http:\/\/www.kaposfured.plebania.hu<\/a><br \/>\nRozmaring u. 2.<br \/>\nTelefon: (82) 432-531<\/p>\n<p>&nbsp;<\/p>\n<h1><span style=\"color: #000000;\"><b>Magyaregresi Reform\u00e1tus Egyh\u00e1zk\u00f6zs\u00e9g<\/b><\/span><\/h1>\n<p>&nbsp;<\/p>\n<p><a href=\"http:\/\/magyaregres.eu\/wp-content\/uploads\/2015\/04\/IMG_4653.jpg\" target=\"_blank\"><img loading=\"lazy\" decoding=\"async\" class=\" wp-image-264 size-medium alignnone\" src=\"http:\/\/magyaregres.eu\/wp-content\/uploads\/2015\/04\/IMG_4653-300x200.jpg\" alt=\"IMG_4653\" width=\"300\" height=\"200\" srcset=\"http:\/\/magyaregres.eu\/wp-content\/uploads\/2015\/04\/IMG_4653-300x200.jpg 300w, http:\/\/magyaregres.eu\/wp-content\/uploads\/2015\/04\/IMG_4653-272x182.jpg 272w, http:\/\/magyaregres.eu\/wp-content\/uploads\/2015\/04\/IMG_4653-400x267.jpg 400w, http:\/\/magyaregres.eu\/wp-content\/uploads\/2015\/04\/IMG_4653.jpg 800w\" sizes=\"auto, (max-width: 300px) 100vw, 300px\" \/><\/a><a href=\"http:\/\/magyaregres.eu\/wp-content\/uploads\/2015\/04\/IMG_4654.jpg\"><img loading=\"lazy\" decoding=\"async\" class=\"  wp-image-265 alignleft\" src=\"http:\/\/magyaregres.eu\/wp-content\/uploads\/2015\/04\/IMG_4654-300x200.jpg\" alt=\"IMG_4654\" width=\"504\" height=\"336\" srcset=\"http:\/\/magyaregres.eu\/wp-content\/uploads\/2015\/04\/IMG_4654-300x200.jpg 300w, http:\/\/magyaregres.eu\/wp-content\/uploads\/2015\/04\/IMG_4654-272x182.jpg 272w, http:\/\/magyaregres.eu\/wp-content\/uploads\/2015\/04\/IMG_4654-400x267.jpg 400w, http:\/\/magyaregres.eu\/wp-content\/uploads\/2015\/04\/IMG_4654.jpg 800w\" sizes=\"auto, (max-width: 504px) 100vw, 504px\" \/><\/a><a href=\"http:\/\/magyaregres.eu\/wp-content\/uploads\/2015\/04\/IMG_4655.jpg\"><img loading=\"lazy\" decoding=\"async\" class=\"alignnone size-medium wp-image-266\" src=\"http:\/\/magyaregres.eu\/wp-content\/uploads\/2015\/04\/IMG_4655-300x200.jpg\" alt=\"IMG_4655\" width=\"300\" height=\"200\" srcset=\"http:\/\/magyaregres.eu\/wp-content\/uploads\/2015\/04\/IMG_4655-300x200.jpg 300w, http:\/\/magyaregres.eu\/wp-content\/uploads\/2015\/04\/IMG_4655-272x182.jpg 272w, http:\/\/magyaregres.eu\/wp-content\/uploads\/2015\/04\/IMG_4655-400x267.jpg 400w, http:\/\/magyaregres.eu\/wp-content\/uploads\/2015\/04\/IMG_4655.jpg 800w\" sizes=\"auto, (max-width: 300px) 100vw, 300px\" \/><\/a><\/p>\n<p><a href=\"http:\/\/magyaregres.eu\/wp-content\/uploads\/2015\/04\/IMG_4655.jpg\" target=\"_blank\">\u00a0<\/a><\/p>\n<p>&nbsp;<\/p>\n<p>&nbsp;<\/p>\n<p>Lelkip\u00e1sztor: Kov\u00e1cs Szilvia<\/p>\n<p>Istentisztelet: a h\u00f3nap utols\u00f3 vas\u00e1rnapj\u00e1t kiv\u00e9ve minden vas\u00e1rnap 10.00 \u00f3r\u00e1t\u00f3l<\/p>\n<p>Lelk\u00e9szi Hivatal: 7443 Somogyj\u00e1d, K\u00e1lvin u. 10.<\/p>\n<p>Telefon: 82\/489 262<\/p>\n<p>Mobil: 30\/632 7568<\/p>\n<p>E-mail: <a href=\"mailto:\">szilvakov@freemail.hu<\/a><\/p>\n<p>web:\u00a0<a href=\"http:\/\/shp.hu\/hpc\/web.php?a=reformatussomogy&amp;o=magyaregresi_reformatus_egyhazkozseg__KT7\" target=\"_blank\">http:\/\/shp.hu\/hpc\/web.php?a=reformatussomogy&amp;o=magyaregresi_reformatus_egyhazkozseg__KT7<\/a><\/p>\n<p>&nbsp;<\/p>\n<p>&nbsp;<\/p>\n<p>&nbsp;<\/p>\n<p>&nbsp;<\/p>\n<p>&nbsp;<\/p>\n","protected":false},"excerpt":{"rendered":"<div class=\"entry-summary\">\nR\u00f3mai Katolikus egyh\u00e1z Nagy Szent Ter\u00e9z templom &nbsp; \u00a0 Magyaregres, D\u00f3zsa Gy\u00f6rgy u. 3. T\u00e9rk\u00e9pen: 46.4604; 17.7722 Pl\u00e9b\u00e1nia:\u00a0Kaposv\u00e1ri Szent \u0150rangyalok pl\u00e9b\u00e1nia f\u00edli\u00e1ja 7451 Kaposv\u00e1r-Kaposf\u00fcred http:\/\/www.kaposfured.plebania.hu Rozmaring u. 2. Telefon: (82) 432-531 &nbsp; Magyaregresi Reform\u00e1tus Egyh\u00e1zk\u00f6zs\u00e9g &nbsp; \u00a0 &nbsp; &nbsp; Lelkip\u00e1sztor:&hellip;\n<\/div>\n<div class=\"link-more\"><a href=\"http:\/\/magyaregres.eu\/index.php\/iranytu\/muvelodes-egyhaz\/magyaregres-temploma-es-egyhazkozsege\/\" class=\"more-link\">Continue reading<span class=\"screen-reader-text\"> &ldquo;Magyaregres Katolikus \u00e9s Reform\u00e1tus egyh\u00e1zk\u00f6zs\u00e9ge&rdquo;<\/span>&hellip;<\/a><\/div>\n","protected":false},"author":1,"featured_media":0,"parent":46,"menu_order":2,"comment_status":"closed","ping_status":"closed","template":"","meta":{"ngg_post_thumbnail":0,"footnotes":""},"class_list":["post-50","page","type-page","status-publish","hentry","entry"],"_links":{"self":[{"href":"http:\/\/magyaregres.eu\/index.php\/wp-json\/wp\/v2\/pages\/50","targetHints":{"allow":["GET"]}}],"collection":[{"href":"http:\/\/magyaregres.eu\/index.php\/wp-json\/wp\/v2\/pages"}],"about":[{"href":"http:\/\/magyaregres.eu\/index.php\/wp-json\/wp\/v2\/types\/page"}],"author":[{"embeddable":true,"href":"http:\/\/magyaregres.eu\/index.php\/wp-json\/wp\/v2\/users\/1"}],"replies":[{"embeddable":true,"href":"http:\/\/magyaregres.eu\/index.php\/wp-json\/wp\/v2\/comments?post=50"}],"version-history":[{"count":6,"href":"http:\/\/magyaregres.eu\/index.php\/wp-json\/wp\/v2\/pages\/50\/revisions"}],"predecessor-version":[{"id":268,"href":"http:\/\/magyaregres.eu\/index.php\/wp-json\/wp\/v2\/pages\/50\/revisions\/268"}],"up":[{"embeddable":true,"href":"http:\/\/magyaregres.eu\/index.php\/wp-json\/wp\/v2\/pages\/46"}],"wp:attachment":[{"href":"http:\/\/magyaregres.eu\/index.php\/wp-json\/wp\/v2\/media?parent=50"}],"curies":[{"name":"wp","href":"https:\/\/api.w.org\/{rel}","templated":true}]}}