{"id":1456,"date":"2020-09-22T11:09:35","date_gmt":"2020-09-22T11:09:35","guid":{"rendered":"http:\/\/magyaregres.eu\/?page_id=1456"},"modified":"2022-05-25T15:38:47","modified_gmt":"2022-05-25T15:38:47","slug":"turisztikai-infrastruktura-fejlesztese-vardan","status":"publish","type":"page","link":"https:\/\/magyaregres.eu\/index.php\/turisztikai-infrastruktura-fejlesztese-vardan\/","title":{"rendered":"Turisztikai infrastrukt\u00fara fejleszt\u00e9se V\u00e1rd\u00e1n"},"content":{"rendered":"<p><a href=\"http:\/\/magyaregres.eu\/wp-content\/uploads\/2020\/09\/Screenshot_20200922-085651.png\"><img loading=\"lazy\" decoding=\"async\" class=\"alignnone size-full wp-image-1457\" src=\"http:\/\/magyaregres.eu\/wp-content\/uploads\/2020\/09\/Screenshot_20200922-085651.png\" alt=\"\" width=\"1020\" height=\"177\" srcset=\"https:\/\/magyaregres.eu\/wp-content\/uploads\/2020\/09\/Screenshot_20200922-085651.png 1020w, https:\/\/magyaregres.eu\/wp-content\/uploads\/2020\/09\/Screenshot_20200922-085651-300x52.png 300w, https:\/\/magyaregres.eu\/wp-content\/uploads\/2020\/09\/Screenshot_20200922-085651-768x133.png 768w, https:\/\/magyaregres.eu\/wp-content\/uploads\/2020\/09\/Screenshot_20200922-085651-600x104.png 600w, https:\/\/magyaregres.eu\/wp-content\/uploads\/2020\/09\/Screenshot_20200922-085651-730x127.png 730w\" sizes=\"auto, (max-width: 1020px) 100vw, 1020px\" \/><\/a><\/p>\n<h1>Z\u00e1r\u00f3 Besz\u00e1mol\u00f3<\/h1>\n<p>VP6-19.2.1.-31-2.2.1-17 k\u00f3dsz\u00e1m\u00fa, Turisztikai infrastrukt\u00fara fejleszt\u00e9s<\/p>\n<p><span style=\"background-color: var(--color_content_background); color: var(--color_content_text); font-family: var(--typography_fonts_text);\">A Sz\u00e1sz Endre \u00c9letm\u0171v\u00e9t Gondoz\u00f3 K\u00f6zhaszn\u00fa Egyes\u00fclet (sz\u00e9khely: 7442 V\u00e1rda, F\u0151 utca 97., ad\u00f3sz\u00e1m: 18268764-1-14) eln\u00f6kek\u00e9nt nyilatkozom arr\u00f3l, hogy a VP6-19.2.1.-31-2.2.1-17 k\u00f3dsz\u00e1m\u00fa, Turisztikai infrastrukt\u00fara fejleszt\u00e9s c\u00edm\u0171 p\u00e1ly\u00e1zat Iratazonos\u00edt\u00f3: 3019279003 Projektazonos\u00edt\u00f3: 1924471734 p\u00e1ly\u00e1zatot megval\u00f3s\u00edtottuk, \u00e9s sor ker\u00fclt a z\u00e1r\u00f3 besz\u00e1mol\u00f3 bead\u00e1s\u00e1ra 2022.04.07. 13:47:18 Iratazonos\u00edt\u00f3sz\u00e1ma: 3363962934. A projektben fejlesztett\u00fck az Egyes\u00fclet infrastrukt\u00far\u00e1j\u00e1t, melynek k\u00f6vetkezt\u00e9ben javultak az Egyes\u00fclet gazdas\u00e1gi lehet\u0151s\u00e9gei. Megval\u00f3sult projekt elemek: F\u0171ny\u00edr\u00f3 traktor beszerz\u00e9s, K\u00f6telez\u0151 nyilv\u00e1noss\u00e1g, sz\u00f3r\u00f3lap (Marketing), K\u00f6telez\u0151 nyilv\u00e1noss\u00e1g. Laptop \u00e9s nyomtat\u00f3 beszerz\u00e9s, T\u00e1bl\u00e1k v\u00e1s\u00e1rl\u00e1sa, Mobil t\u00e9relv\u00e1laszt\u00f3, Napellenz\u0151. A p\u00e1ly\u00e1z\u00f3 v\u00e1llalta, hogy a projekt r\u00e9v\u00e9n megval\u00f3sul\u00f3 fejleszt\u00e9st (a k\u00f6telez\u0151 t\u00e1j\u00e9koztat\u00e1si \u00e9s nyilv\u00e1noss\u00e1gi elemeken t\u00fal) a HACS honlapj\u00e1n k\u00edv\u00fcl, legal\u00e1bb 2 helyi (LEADER HACS illet\u00e9kess\u00e9gi ter\u00fclet\u00e9n m\u0171k\u00f6d\u0151) vagy t\u00e9rs\u00e9gi(Kaposv\u00e1ri j\u00e1r\u00e1s ter\u00fclete) m\u00e9di\u00e1ban\/honlapon n\u00e9pszer\u0171s\u00edti.<\/span><\/p>\n<p>A v\u00e1llal\u00e1snak eleget tev\u0151 m\u00e9dia fel\u00fcletek:<\/p>\n<p><span style=\"background-color: var(--color_content_background); color: var(--color_content_text); font-family: var(--typography_fonts_text);\">Sz\u00e1sz Endre Egyes\u00fclet honlap<\/span><\/p>\n<p><span style=\"background-color: var(--color_content_background); color: var(--color_content_text); font-family: var(--typography_fonts_text);\">V\u00e1rda \u00d6nkorm\u00e1nyzat<\/span><\/p>\n<p><span style=\"background-color: var(--color_content_background); color: var(--color_content_text); font-family: var(--typography_fonts_text);\">V\u00e1rda, 20202 m\u00e1jus 10.<\/span><\/p>\n<p><span style=\"background-color: var(--color_content_background); color: var(--color_content_text); font-family: var(--typography_fonts_text);\">Ha<\/span><span style=\"background-color: var(--color_content_background); color: var(--color_content_text); font-family: var(--typography_fonts_text);\">jdu Katalin Piroska<\/span><\/p>\n<p>&nbsp; &nbsp; &nbsp; &nbsp; &nbsp; &nbsp; &nbsp;eln\u00f6k<\/p>\n<p><a href=\"http:\/\/magyaregres.eu\/wp-content\/uploads\/2022\/05\/Screenshot_20220525-153645_Word.jpg\"><img loading=\"lazy\" decoding=\"async\" class=\"alignnone size-full wp-image-1658\" src=\"http:\/\/magyaregres.eu\/wp-content\/uploads\/2022\/05\/Screenshot_20220525-153645_Word.jpg\" alt=\"\" width=\"1006\" height=\"798\" srcset=\"https:\/\/magyaregres.eu\/wp-content\/uploads\/2022\/05\/Screenshot_20220525-153645_Word.jpg 1006w, https:\/\/magyaregres.eu\/wp-content\/uploads\/2022\/05\/Screenshot_20220525-153645_Word-300x238.jpg 300w, https:\/\/magyaregres.eu\/wp-content\/uploads\/2022\/05\/Screenshot_20220525-153645_Word-768x609.jpg 768w, https:\/\/magyaregres.eu\/wp-content\/uploads\/2022\/05\/Screenshot_20220525-153645_Word-600x476.jpg 600w\" sizes=\"auto, (max-width: 1006px) 100vw, 1006px\" \/><\/a> <a href=\"http:\/\/magyaregres.eu\/wp-content\/uploads\/2022\/05\/Screenshot_20220525-153549_Word.jpg\"><img loading=\"lazy\" decoding=\"async\" class=\"alignnone size-large wp-image-1659\" src=\"http:\/\/magyaregres.eu\/wp-content\/uploads\/2022\/05\/Screenshot_20220525-153549_Word-715x1024.jpg\" alt=\"\" width=\"715\" height=\"1024\" srcset=\"https:\/\/magyaregres.eu\/wp-content\/uploads\/2022\/05\/Screenshot_20220525-153549_Word-715x1024.jpg 715w, https:\/\/magyaregres.eu\/wp-content\/uploads\/2022\/05\/Screenshot_20220525-153549_Word-209x300.jpg 209w, https:\/\/magyaregres.eu\/wp-content\/uploads\/2022\/05\/Screenshot_20220525-153549_Word-768x1100.jpg 768w, https:\/\/magyaregres.eu\/wp-content\/uploads\/2022\/05\/Screenshot_20220525-153549_Word-600x860.jpg 600w, https:\/\/magyaregres.eu\/wp-content\/uploads\/2022\/05\/Screenshot_20220525-153549_Word.jpg 1058w\" sizes=\"auto, (max-width: 715px) 100vw, 715px\" \/><\/a><\/p>\n<p>&nbsp;<\/p>\n<hr>\n<p>Z\u00c1R\u00d3 SZAKMAI BESZ\u00c1MOL\u00d3<\/p>\n<p>Alul\u00edrott Varga Andr\u00e1s polg\u00e1rmester V\u00e1rda K\u00f6zs\u00e9gi \u00d6nkorm\u00e1nyzat (sz\u00e9khelye: 7442 V\u00e1rda, F\u0151 u. 94.) k\u00e9pviselet\u00e9ben nyilatkozom, hogy az \u201e\u00c9szak Kaposi Partnerek Vid\u00e9kfejleszt\u00e9si Egyes\u00fclet &#8211; Turisztikai infrastrukt\u00fara fejleszt\u00e9s\u201d VP6-19.2.1.-31-2.2.1-17 k\u00f3dsz\u00e1m\u00fa p\u00e1ly\u00e1zati felh\u00edv\u00e1s keret\u00e9ben a 3011217401 Projekt azonos\u00edt\u00f3 sz\u00e1m\u00fa, 3035773396 iratazonos\u00edt\u00f3j\u00fa T\u00e1mogat\u00f3i okirat alapj\u00e1n ig\u00e9nybe vehet\u0151 t\u00e1mogat\u00e1sb\u00f3l a 7442 V\u00e1rda, Ak\u00e1c u. 1., V\u00e1rda 120 hrsz.-\u00fa ingatlanon \u00e9s a F\u0151 u. 105, V\u00e1rda 148 hrsz-\u00fa ingatlanon a \u201eTurisztikai infrastrukt\u00fara fejleszt\u00e9se V\u00e1rd\u00e1n\u201d c\u00edm\u0171 projekt keret\u00e9ben az al\u00e1bbi projekt-elemek val\u00f3sultak meg:<\/p>\n<p>A projekt keret\u00e9ben a turisztikai infrastrukt\u00fara fejleszt\u00e9s\u00e9hez az al\u00e1bbi eszk\u00f6z\u00f6k ker\u00fcltek beszerz\u00e9sre:<br \/>\n1. Cs\u00edk pad 1 szem\u00e9lyes t\u00e1ml\u00e1s P-2 4 db<br \/>\n2. Hargita asztal KA-8 \u2013 2 db<br \/>\n3. Mad\u00e1reteto &#8211; 5 db<br \/>\n4. Kis filag\u00f3ria &#8211; 1 db<br \/>\n5. Nagy pihi 8-as garnit\u00fara &#8211; 1 db<br \/>\n6. Cs\u00edk pad 2 szem\u00e9lyes t\u00e1ml\u00e1s P-3 &#8211; 4 db<br \/>\n7. Kandel\u00e1ber &#8211; 3 db<\/p>\n<p>A beszerzett eszk\u00f6z\u00f6k\u00f6n fel\u00fcl a k\u00f6telez\u0151en el\u0151\u00edrt nyilv\u00e1noss\u00e1g biztos\u00edt\u00e1sa \u00e9rdek\u00e9ben 1 db projekt t\u00e1bla is beszerz\u00e9sre \u00e9s kihelyez\u00e9sre ker\u00fclt.<\/p>\n<p>V\u00e1rd\u00e1n a 2001-ben megny\u00edlt Sz\u00e1sz Endre ki\u00e1ll\u00edt\u00f3 teremmel, az orsz\u00e1gos h\u00edr\u0171 \u00edr\u00f3-olvas\u00f3 tal\u00e1lkoz\u00f3kkal, a Sz\u00e1sz- Alkot\u00f3t\u00e1borokkal gyakorlatilag kialakult egy olyan kultur\u00e1lis vonzer\u0151, ami a m\u00e1ra jellemz\u0151 helyi idegenforgalmi potenci\u00e1lt megalapozta. A gy\u00f6ny\u00f6r\u0171 \u00e9s orsz\u00e1gosan is elismert term\u00e9szeti k\u00f6rnyezet \/mad\u00e1rbar\u00e1t telep\u00fcl\u00e9si c\u00edm elnyer\u00e9se, vir\u00e1gos, rendezett faluk\u00e9p, min\u0151s\u00e9gi utcab\u00fatorok, szobrok sokas\u00e1ga, szoborpark kialak\u00edt\u00e1sa\/ mellett a Sz\u00e1sz-k\u00faria teljes megnyit\u00e1sa, l\u00e1togat\u00f3k fogad\u00e1sa, az ifj\u00fas\u00e1gi sz\u00e1ll\u00e1shely kialak\u00edt\u00e1sa, a K\u00f6zkincsh\u00e1z \u00e1lland\u00f3 ki\u00e1ll\u00edt\u00e1sainak kialakul\u00e1sa, m\u00e1ra jelent\u0151s l\u00e1togat\u00f3 sz\u00e1mot felmutat\u00f3, kultur\u00e1lis \u00e9s term\u00e9szeti \u00e9rt\u00e9kek ut\u00e1n \u00e9rdekl\u0151d\u0151 turista, l\u00e1togat\u00f3 t\u00f6meget gener\u00e1l\u00f3 idegenforgalmi c\u00e9lpontt\u00e1 fejl\u0151d\u00f6tt V\u00e1rda.<br \/>\n\u00c9vr\u0151l-\u00e9vre fejl\u0151d\u00f6tt az Idegenforgalmi k\u00edn\u00e1lat. Az orsz\u00e1g els\u0151 Mad\u00e1rbar\u00e1t telep\u00fcl\u00e9se, a kit\u00fcntetett vir\u00e1gos faluk\u00e9p olyan kultur\u00e1lis, vizu\u00e1lis \u00e9lm\u00e9nyeket is ny\u00fajt az idel\u00e1togat\u00f3knak, mint a Sz\u00e1sz-k\u00faria orsz\u00e1gos viszonylatban is jelent\u0151s kincsei, az orsz\u00e1g egyetlen \u00e1lland\u00f3 origami ki\u00e1ll\u00edt\u00e1sa mellett m\u00e9g n\u00e9gy n\u00edv\u00f3s \u00e1lland\u00f3 ki\u00e1ll\u00edt\u00e1s a K\u00f6zkincsh\u00e1zban. A helyi \u00e9rt\u00e9kekr\u0151l rekl\u00e1mot biztos\u00edtottak a telep\u00fcl\u00e9s turisztikai \u00e9rt\u00e9keinek, amelyek hat\u00e1s\u00e1ra a k\u00f6zs\u00e9gbe l\u00e1togat\u00f3 turist\u00e1k sz\u00e1ma \u00e9vr\u0151l-\u00e9vre n\u0151, Szenn\u00e1val egy\u00fctt az egyik legjelent\u0151sebb a Kaposv\u00e1r-k\u00f6rny\u00e9ki telep\u00fcl\u00e9sek k\u00f6z\u00f6tt.<\/p>\n<p>A min\u0151s\u00e9gi turizmus fokoz\u00e1sa \u00e9rdek\u00e9ben adtuk be a t\u00e1mogat\u00e1si k\u00e9relm\u00fcnket olyan infrastruktur\u00e1lis fejleszt\u00e9sekre, ami a megl\u00e9v\u0151 turisztikai potenci\u00e1lt vonz\u00f3bb\u00e1, k\u00e9nyelmess\u00e9 a l\u00e1togat\u00f3k sz\u00e1m\u00e1ra komfortosabb\u00e1 teszi.<\/p>\n<p>V\u00e1rda K\u00f6zs\u00e9gi \u00d6nkorm\u00e1nyzat m\u00e1r a \u201eTurisztikai szolg\u00e1ltat\u00e1sok fejleszt\u00e9se\u201d c\u00edm\u0171 VP6-19.2.1.-31-2.2.2-17 k\u00f3dsz\u00e1m\u00fa p\u00e1ly\u00e1zati felh\u00edv\u00e1s meghirdet\u00e9s\u00e9t megel\u0151z\u0151en tagja volt az \u00c9szak-Kaposi Partnerek Vid\u00e9kfejleszt\u00e9si Egyes\u00fclet LEADER HACS-nak.<\/p>\n<p>V\u00e1rda K\u00f6zs\u00e9gi \u00d6nkorm\u00e1nyzat m\u00e1r a \u201eTurisztikai infrastrukt\u00fara fejleszt\u00e9s\u201d c\u00edm\u0171 VP6-19.2.1.-31-2.2.1-17 k\u00f3dsz\u00e1m\u00fa p\u00e1ly\u00e1zati felh\u00edv\u00e1s meghirdet\u00e9s\u00e9t megel\u0151z\u0151en tagja volt az \u00c9szak-Kaposi Partnerek Vid\u00e9kfejleszt\u00e9si Egyes\u00fclet LEADER HACS-nak.<\/p>\n<p>V\u00e1rda K\u00f6zs\u00e9gi \u00d6nkorm\u00e1nyzat a fejleszt\u00e9st minden elsz\u00e1molt t\u00e9tel vonatkoz\u00e1s\u00e1ban helyi, a Kaposv\u00e1ri j\u00e1r\u00e1s ter\u00fclet\u00e9n sz\u00e9khellyel\/telephellyel rendelkez\u0151 sz\u00e1ll\u00edt\u00f3val val\u00f3s\u00edtotta meg.<\/p>\n<p>V\u00e1rda K\u00f6zs\u00e9gi \u00d6nkorm\u00e1nyzat a fejleszt\u00e9shez a fenntart\u00e1si id\u0151szak alatt egy\u00fcttm\u0171k\u00f6dik a megval\u00f3s\u00edt\u00e1s helye (V\u00e1rda) szerinti telep\u00fcl\u00e9sen l\u00e9v\u0151 vagy m\u00e1s t\u00e9rs\u00e9gi (HACS illet\u00e9kess\u00e9gi ter\u00fclet\u00e9n\/Kaposv\u00e1ri j\u00e1r\u00e1sban l\u00e9v\u0151) turisztikai szolg\u00e1ltat\u00f3val\/szerepl\u0151vel, annak k\u00edn\u00e1lathoz kapcsol\u00f3dik. Hetes K\u00f6zs\u00e9g \u00d6nkorm\u00e1nyzat\u00e1val \u00e9s Csomb\u00e1rd K\u00f6zs\u00e9gi \u00d6nkorm\u00e1nyzattal a t\u00e1mogat\u00e1si k\u00e9relem beny\u00fajt\u00e1sakor egy\u00fcttm\u0171k\u00f6d\u00e9si meg\u00e1llapod\u00e1sokat k\u00f6t\u00f6tt\u00fcnk.<\/p>\n<p>V\u00e1rda K\u00f6zs\u00e9gi \u00d6nkorm\u00e1nyzat a projekt r\u00e9v\u00e9n megval\u00f3sult fejleszt\u00e9st a HACS honlapj\u00e1n k\u00edv\u00fcl, legal\u00e1bb 2 helyi (LEADER HACS illet\u00e9kess\u00e9gi ter\u00fclet\u00e9n m\u0171k\u00f6d\u0151) vagy t\u00e9rs\u00e9gi (Kaposv\u00e1ri j\u00e1r\u00e1s ter\u00fclete) m\u00e9di\u00e1ban\/honlapon n\u00e9pszer\u0171s\u00edti.<\/p>\n<p>A projekt innovat\u00edv jelleg\u00e9t adja, hogy a beszerzett filag\u00f3ria nem r\u00f6gz\u00edtett telep\u00edt\u00e9s\u0171, \u00edgy lehet\u0151s\u00e9g van annak \u00e1thelyez\u00e9s\u00e9re, illetve t\u00f6bbfunkci\u00f3s c\u00e9lokat szolg\u00e1l. Nagyobb rendezv\u00e9nyek eset\u00e9ben a filag\u00f3ri\u00e1t \u00e9s a hozz\u00e1 tartoz\u00f3 pihen\u0151garnit\u00far\u00e1t, illetve a beszerzend\u0151 padokat asztalokat a f\u0151 rendezv\u00e9ny helysz\u00ednre tudjuk \u00e1ttelep\u00edteni, azaz a mobilit\u00e1s biztos\u00edtott. T\u00f6bbfunkci\u00f3s c\u00e9lt szolg\u00e1l mivel amikor nem a turist\u00e1k haszn\u00e1lj\u00e1k, egyben k\u00f6z\u00f6ss\u00e9gi t\u00e9rk\u00e9nt is funkcion\u00e1l \u00e9s a telep\u00fcl\u00e9s lak\u00f3i, els\u0151sorban az id\u0151s kor\u00faak sz\u00e1m\u00e1ra kiv\u00e1l\u00f3 pihen\u0151hely ez\u00e9rt a kihaszn\u00e1lts\u00e1ga szinte eg\u00e9sz \u00e9vben biztos\u00edtott. Az eszk\u00f6zbeszerz\u00e9s egy olyan magasabb min\u0151s\u00e9get komfortfokozat emelked\u00e9st jelent, ami mindenk\u00e9ppen innovat\u00edv. A beszerz\u00e9sekkel teljesen meg\u00fajult a telep\u00fcl\u00e9sk\u00e9p, \u00e9s eszt\u00e9tikus k\u00e9pet sug\u00e1roz azont\u00fal, hogy a V\u00e1rd\u00e1ra l\u00e1togat\u00f3 turist\u00e1k k\u00e9nyelm\u00e9t is szolg\u00e1lja. A filag\u00f3ria m\u00e9ret\u00e9nek meghat\u00e1roz\u00e1s\u00e1n\u00e1l fontos szempont volt az is, hogy a turistacsoportok is haszn\u00e1lni tudj\u00e1k, a bels\u0151 m\u00e9retek miatt rossz id\u0151ben ak\u00e1r a t\u00f6bben is elf\u00e9rnek filag\u00f3ri\u00e1n bel\u00fcl. A projekt megval\u00f3s\u00edt\u00e1s\u00e1val m\u00e1r egy magasabb komfortfokozat\u00fa turisztika infrastrukt\u00fara l\u00e9tes\u00fclt, amely ir\u00e1nt folyamatos \u00e9s jelent\u0151s ig\u00e9ny jelentkezik V\u00e1rd\u00e1n \u00e9s a k\u00f6rnyez\u0151 telep\u00fcl\u00e9seken.<\/p>\n<p>A P\u00e1ly\u00e1zati felh\u00edv\u00e1s 3.1.2.1. K\u00f6telez\u0151en megval\u00f3s\u00edtand\u00f3, \u00f6n\u00e1ll\u00f3an nem t\u00e1mogathat\u00f3 tev\u00e9kenys\u00e9gek pontj\u00e1ban meghat\u00e1rozott T\u00e1j\u00e9koztat\u00e1s \u00e9s nyilv\u00e1noss\u00e1g biztos\u00edt\u00e1sa k\u00f6telezetts\u00e9gnek a Vid\u00e9kfejleszt\u00e9si Program 2014-2020 Kedvezm\u00e9nyezettek T\u00e1j\u00e9koztat\u00e1si K\u00f6telezetts\u00e9gei \u00fatmutat\u00f3 \u201eVP KTK 2020\u201d c\u00edm\u0171 dokumentumban foglaltaknak megfelel\u0151en eleget tett\u00fcnk, a projekt t\u00e1bla kihelyez\u00e9sre ker\u00fclt.<\/p>\n<p>Varga Andr\u00e1s<br \/>\npolg\u00e1rmester<\/p>\n<p><a href=\"http:\/\/magyaregres.eu\/wp-content\/uploads\/2020\/09\/asztalok_padok.jpg\"><img loading=\"lazy\" decoding=\"async\" class=\"alignnone size-full wp-image-1458\" src=\"http:\/\/magyaregres.eu\/wp-content\/uploads\/2020\/09\/asztalok_padok.jpg\" alt=\"\" width=\"512\" height=\"384\" srcset=\"https:\/\/magyaregres.eu\/wp-content\/uploads\/2020\/09\/asztalok_padok.jpg 512w, https:\/\/magyaregres.eu\/wp-content\/uploads\/2020\/09\/asztalok_padok-300x225.jpg 300w\" sizes=\"auto, (max-width: 512px) 100vw, 512px\" \/><\/a><\/p>\n<p><a href=\"http:\/\/magyaregres.eu\/wp-content\/uploads\/2020\/09\/csik_pad_2_szemelyes.jpg\"><img loading=\"lazy\" decoding=\"async\" class=\"alignnone size-full wp-image-1459\" src=\"http:\/\/magyaregres.eu\/wp-content\/uploads\/2020\/09\/csik_pad_2_szemelyes.jpg\" alt=\"\" width=\"512\" height=\"384\" srcset=\"https:\/\/magyaregres.eu\/wp-content\/uploads\/2020\/09\/csik_pad_2_szemelyes.jpg 512w, https:\/\/magyaregres.eu\/wp-content\/uploads\/2020\/09\/csik_pad_2_szemelyes-300x225.jpg 300w\" sizes=\"auto, (max-width: 512px) 100vw, 512px\" \/><\/a><\/p>\n<p><a href=\"http:\/\/magyaregres.eu\/wp-content\/uploads\/2020\/09\/csik_pad_2_szemelyes-1.jpg\"><img loading=\"lazy\" decoding=\"async\" class=\"alignnone size-full wp-image-1460\" src=\"http:\/\/magyaregres.eu\/wp-content\/uploads\/2020\/09\/csik_pad_2_szemelyes-1.jpg\" alt=\"\" width=\"512\" height=\"384\" srcset=\"https:\/\/magyaregres.eu\/wp-content\/uploads\/2020\/09\/csik_pad_2_szemelyes-1.jpg 512w, https:\/\/magyaregres.eu\/wp-content\/uploads\/2020\/09\/csik_pad_2_szemelyes-1-300x225.jpg 300w\" sizes=\"auto, (max-width: 512px) 100vw, 512px\" \/><\/a><\/p>\n<p><a href=\"http:\/\/magyaregres.eu\/wp-content\/uploads\/2020\/09\/hargita_asztal.jpg\"><img loading=\"lazy\" decoding=\"async\" class=\"alignnone size-full wp-image-1461\" src=\"http:\/\/magyaregres.eu\/wp-content\/uploads\/2020\/09\/hargita_asztal.jpg\" alt=\"\" width=\"512\" height=\"384\" srcset=\"https:\/\/magyaregres.eu\/wp-content\/uploads\/2020\/09\/hargita_asztal.jpg 512w, https:\/\/magyaregres.eu\/wp-content\/uploads\/2020\/09\/hargita_asztal-300x225.jpg 300w\" sizes=\"auto, (max-width: 512px) 100vw, 512px\" \/><\/a><\/p>\n<p><a href=\"http:\/\/magyaregres.eu\/wp-content\/uploads\/2020\/09\/kandelaber.jpg\"><img loading=\"lazy\" decoding=\"async\" class=\"alignnone size-full wp-image-1462\" src=\"http:\/\/magyaregres.eu\/wp-content\/uploads\/2020\/09\/kandelaber.jpg\" alt=\"\" width=\"384\" height=\"512\" srcset=\"https:\/\/magyaregres.eu\/wp-content\/uploads\/2020\/09\/kandelaber.jpg 384w, https:\/\/magyaregres.eu\/wp-content\/uploads\/2020\/09\/kandelaber-225x300.jpg 225w\" sizes=\"auto, (max-width: 384px) 100vw, 384px\" \/><\/a><a href=\"http:\/\/magyaregres.eu\/wp-content\/uploads\/2020\/09\/kis_filagoria.jpg\"><img loading=\"lazy\" decoding=\"async\" class=\"alignnone size-full wp-image-1463\" src=\"http:\/\/magyaregres.eu\/wp-content\/uploads\/2020\/09\/kis_filagoria.jpg\" alt=\"\" width=\"384\" height=\"512\" srcset=\"https:\/\/magyaregres.eu\/wp-content\/uploads\/2020\/09\/kis_filagoria.jpg 384w, https:\/\/magyaregres.eu\/wp-content\/uploads\/2020\/09\/kis_filagoria-225x300.jpg 225w\" sizes=\"auto, (max-width: 384px) 100vw, 384px\" \/><\/a><\/p>\n<p><a href=\"http:\/\/magyaregres.eu\/wp-content\/uploads\/2020\/09\/madaretetok.jpg\"><img loading=\"lazy\" decoding=\"async\" class=\"alignnone size-full wp-image-1464\" src=\"http:\/\/magyaregres.eu\/wp-content\/uploads\/2020\/09\/madaretetok.jpg\" alt=\"\" width=\"512\" height=\"384\" srcset=\"https:\/\/magyaregres.eu\/wp-content\/uploads\/2020\/09\/madaretetok.jpg 512w, https:\/\/magyaregres.eu\/wp-content\/uploads\/2020\/09\/madaretetok-300x225.jpg 300w\" sizes=\"auto, (max-width: 512px) 100vw, 512px\" \/><\/a><\/p>\n<p><a href=\"http:\/\/magyaregres.eu\/wp-content\/uploads\/2020\/09\/nagy_pihi.jpg\"><img loading=\"lazy\" decoding=\"async\" class=\"alignnone size-full wp-image-1465\" src=\"http:\/\/magyaregres.eu\/wp-content\/uploads\/2020\/09\/nagy_pihi.jpg\" alt=\"\" width=\"512\" height=\"384\" srcset=\"https:\/\/magyaregres.eu\/wp-content\/uploads\/2020\/09\/nagy_pihi.jpg 512w, https:\/\/magyaregres.eu\/wp-content\/uploads\/2020\/09\/nagy_pihi-300x225.jpg 300w\" sizes=\"auto, (max-width: 512px) 100vw, 512px\" \/><\/a><\/p>\n","protected":false},"excerpt":{"rendered":"<div class=\"entry-summary\">\nZ\u00e1r\u00f3 Besz\u00e1mol\u00f3 VP6-19.2.1.-31-2.2.1-17 k\u00f3dsz\u00e1m\u00fa, Turisztikai infrastrukt\u00fara fejleszt\u00e9s A Sz\u00e1sz Endre \u00c9letm\u0171v\u00e9t Gondoz\u00f3 K\u00f6zhaszn\u00fa Egyes\u00fclet (sz\u00e9khely: 7442 V\u00e1rda, F\u0151 utca 97., ad\u00f3sz\u00e1m: 18268764-1-14) eln\u00f6kek\u00e9nt nyilatkozom arr\u00f3l, hogy a VP6-19.2.1.-31-2.2.1-17 k\u00f3dsz\u00e1m\u00fa, Turisztikai infrastrukt\u00fara fejleszt\u00e9s c\u00edm\u0171 p\u00e1ly\u00e1zat Iratazonos\u00edt\u00f3: 3019279003 Projektazonos\u00edt\u00f3: 1924471734 p\u00e1ly\u00e1zatot megval\u00f3s\u00edtottuk,&hellip;\n<\/div>\n<div class=\"link-more\"><a href=\"https:\/\/magyaregres.eu\/index.php\/turisztikai-infrastruktura-fejlesztese-vardan\/\" class=\"more-link\">Continue reading<span class=\"screen-reader-text\"> &ldquo;Turisztikai infrastrukt\u00fara fejleszt\u00e9se V\u00e1rd\u00e1n&rdquo;<\/span>&hellip;<\/a><\/div>\n","protected":false},"author":1,"featured_media":0,"parent":0,"menu_order":0,"comment_status":"closed","ping_status":"closed","template":"","meta":{"ngg_post_thumbnail":0,"footnotes":""},"class_list":["post-1456","page","type-page","status-publish","hentry","entry"],"_links":{"self":[{"href":"https:\/\/magyaregres.eu\/index.php\/wp-json\/wp\/v2\/pages\/1456","targetHints":{"allow":["GET"]}}],"collection":[{"href":"https:\/\/magyaregres.eu\/index.php\/wp-json\/wp\/v2\/pages"}],"about":[{"href":"https:\/\/magyaregres.eu\/index.php\/wp-json\/wp\/v2\/types\/page"}],"author":[{"embeddable":true,"href":"https:\/\/magyaregres.eu\/index.php\/wp-json\/wp\/v2\/users\/1"}],"replies":[{"embeddable":true,"href":"https:\/\/magyaregres.eu\/index.php\/wp-json\/wp\/v2\/comments?post=1456"}],"version-history":[{"count":3,"href":"https:\/\/magyaregres.eu\/index.php\/wp-json\/wp\/v2\/pages\/1456\/revisions"}],"predecessor-version":[{"id":1660,"href":"https:\/\/magyaregres.eu\/index.php\/wp-json\/wp\/v2\/pages\/1456\/revisions\/1660"}],"wp:attachment":[{"href":"https:\/\/magyaregres.eu\/index.php\/wp-json\/wp\/v2\/media?parent=1456"}],"curies":[{"name":"wp","href":"https:\/\/api.w.org\/{rel}","templated":true}]}}